{"id":2888,"date":"2025-04-18T14:43:21","date_gmt":"2025-04-18T14:43:21","guid":{"rendered":"https:\/\/moblespladevall.cat\/?post_type=product&#038;p=2888"},"modified":"2025-04-18T14:43:22","modified_gmt":"2025-04-18T14:43:22","slug":"velour","status":"publish","type":"product","link":"https:\/\/moblespladevall.cat\/es\/producto\/velour","title":{"rendered":"Velour"},"content":{"rendered":"<p>El colch\u00f3n Velour combina confort y estabilidad gracias a su estructura de muelles ensacados Adapt Core y un per\u00edmetro de muelles indeformables que refuerza la firmeza en los bordes y mejora la ventilaci\u00f3n interna del n\u00facleo. Esta configuraci\u00f3n favorece un descanso equilibrado y m\u00e1s higi\u00e9nico.<\/p>\n<p>Cuenta con composici\u00f3n sim\u00e9trica por ambas caras, incluyendo capas de viscoel\u00e1stica, Soft Foam, Firm Foam y fibra antial\u00e9rgica, que proporcionan una acogida suave y progresiva, ayudando a aliviar los puntos de presi\u00f3n sin perder soporte.<\/p>\n<p>El exterior en tejido Stretch aporta suavidad y transpirabilidad, complementando una experiencia de descanso confortable en cualquier \u00e9poca del a\u00f1o.<\/p>\n<p>Este modelo\u00a0<strong>es reversible<\/strong>, lo que permite alternar sus caras para alargar la vida \u00fatil del colch\u00f3n y mantener sus propiedades con el tiempo.<\/p>\n<p><strong>Caracter\u00edsticas:<\/strong><\/p>\n<ul>\n<li>Grosor: 27 cm<\/li>\n<li>Firmeza: 4\/6<\/li>\n<li>Adaptabilidad: 4\/6<\/li>\n<\/ul>\n<p><\/p>","protected":false},"excerpt":{"rendered":"<p>El colch\u00f3n Velour combina confort y estabilidad gracias a su estructura de muelles ensacados Adapt Core y un per\u00edmetro de muelles indeformables que refuerza la firmeza en los bordes y mejora la ventilaci\u00f3n interna del n\u00facleo. Esta configuraci\u00f3n favorece un descanso equilibrado y m\u00e1s higi\u00e9nico. Cuenta con composici\u00f3n sim\u00e9trica por ambas caras, incluyendo capas de viscoel\u00e1stica, Soft Foam, Firm Foam y fibra antial\u00e9rgica, que proporcionan una acogida suave y progresiva, ayudando a aliviar los puntos&hellip;<\/p>\n","protected":false},"featured_media":2897,"template":"","meta":[],"product_brand":[],"product_cat":[16,146],"product_tag":[],"class_list":{"0":"post-2888","1":"product","2":"type-product","3":"status-publish","4":"has-post-thumbnail","6":"product_cat-colchoneria","7":"product_cat-molles-ensecades","8":"no-thumbnail","10":"first","11":"instock","12":"shipping-taxable","13":"purchasable","14":"product-type-variable"},"jetpack_sharing_enabled":true,"_links":{"self":[{"href":"https:\/\/moblespladevall.cat\/es\/wp-json\/wp\/v2\/product\/2888","targetHints":{"allow":["GET"]}}],"collection":[{"href":"https:\/\/moblespladevall.cat\/es\/wp-json\/wp\/v2\/product"}],"about":[{"href":"https:\/\/moblespladevall.cat\/es\/wp-json\/wp\/v2\/types\/product"}],"wp:featuredmedia":[{"embeddable":true,"href":"https:\/\/moblespladevall.cat\/es\/wp-json\/wp\/v2\/media\/2897"}],"wp:attachment":[{"href":"https:\/\/moblespladevall.cat\/es\/wp-json\/wp\/v2\/media?parent=2888"}],"wp:term":[{"taxonomy":"product_brand","embeddable":true,"href":"https:\/\/moblespladevall.cat\/es\/wp-json\/wp\/v2\/product_brand?post=2888"},{"taxonomy":"product_cat","embeddable":true,"href":"https:\/\/moblespladevall.cat\/es\/wp-json\/wp\/v2\/product_cat?post=2888"},{"taxonomy":"product_tag","embeddable":true,"href":"https:\/\/moblespladevall.cat\/es\/wp-json\/wp\/v2\/product_tag?post=2888"}],"curies":[{"name":"wp","href":"https:\/\/api.w.org\/{rel}","templated":true}]}}